{"id":31,"date":"2014-01-24T18:39:39","date_gmt":"2014-01-24T17:39:39","guid":{"rendered":"http:\/\/frohsinn-ost.de\/wordpress\/?page_id=31"},"modified":"2023-07-11T20:04:57","modified_gmt":"2023-07-11T18:04:57","slug":"ehrengarde","status":"publish","type":"page","link":"https:\/\/www.frohsinn-ost.de\/?page_id=31","title":{"rendered":"Ehrengarde"},"content":{"rendered":"<p><strong>Die Ehrengarde und der milit\u00e4rische Vorstand<\/strong><br \/>\nWie auch Spielmannszug und Schie\u00dfgruppe hat die Ehrengarde einen festen Platz in der Tradition des Sch\u00fctzenlebens. Tr\u00e4gt Sie doch nicht weniger zur feierlichen Gestaltung des Sch\u00fctzenfestes und des dazugeh\u00f6rigen Protokolls bei.<\/p>\n<p>Unsere Ehrengarde, findet sich j\u00e4hrlich zusammen um ganz in Wei\u00df dem jeweiligem Sch\u00fctzenk\u00f6nig bzw -k\u00f6nigin ein ehrenvolles Geleit zu sein.<br \/>\nAuch au\u00dferhalb des Sch\u00fctzenvereins unternehmen die Mitglieder der Ehrengarde oft gemeinsame Exkursionen und treffen sich regelm\u00e4\u00dfig um den Zusammenhalt zu st\u00e4rken.<\/p>\n<p>Zusammen mit dem milit\u00e4rischen Vorstand bildet die Ehrengarde ein stattliches Bild innerhalb des Festzuges.<br \/>\nDie Ehrengarde freut sich \u00fcber jeden, der Interesse an der Teilnahme zeigt und l\u00e4dt freundlich ein an einer der n\u00e4chsten Veranstaltungen teilzunehmen.<\/p>\n<p><a href=\"https:\/\/www.frohsinn-ost.de\/wordpress\/wp-content\/uploads\/2023\/07\/Schuetzenfest-offizielle-Bilder-2023-14.jpg\"><img loading=\"lazy\" decoding=\"async\" class=\"size-full wp-image-292418 aligncenter\" src=\"https:\/\/www.frohsinn-ost.de\/wordpress\/wp-content\/uploads\/2023\/07\/Schuetzenfest-offizielle-Bilder-2023-14.jpg\" alt=\"\" width=\"2048\" height=\"1152\" srcset=\"https:\/\/www.frohsinn-ost.de\/wordpress\/wp-content\/uploads\/2023\/07\/Schuetzenfest-offizielle-Bilder-2023-14.jpg 2048w, https:\/\/www.frohsinn-ost.de\/wordpress\/wp-content\/uploads\/2023\/07\/Schuetzenfest-offizielle-Bilder-2023-14-768x432.jpg 768w, https:\/\/www.frohsinn-ost.de\/wordpress\/wp-content\/uploads\/2023\/07\/Schuetzenfest-offizielle-Bilder-2023-14-1536x864.jpg 1536w\" sizes=\"auto, (max-width: 2048px) 100vw, 2048px\" \/><\/a><\/p>\n","protected":false},"excerpt":{"rendered":"<p>Die Ehrengarde und der milit\u00e4rische Vorstand Wie auch Spielmannszug und Schie\u00dfgruppe hat die Ehrengarde einen festen Platz in der Tradition des Sch\u00fctzenlebens. Tr\u00e4gt Sie doch nicht weniger zur feierlichen Gestaltung des Sch\u00fctzenfestes und des&#46;&#46;&#46;<\/p>\n","protected":false},"author":5,"featured_media":0,"parent":10,"menu_order":0,"comment_status":"closed","ping_status":"closed","template":"","meta":{"ngg_post_thumbnail":0,"footnotes":""},"class_list":["post-31","page","type-page","status-publish","hentry"],"_links":{"self":[{"href":"https:\/\/www.frohsinn-ost.de\/index.php?rest_route=\/wp\/v2\/pages\/31","targetHints":{"allow":["GET"]}}],"collection":[{"href":"https:\/\/www.frohsinn-ost.de\/index.php?rest_route=\/wp\/v2\/pages"}],"about":[{"href":"https:\/\/www.frohsinn-ost.de\/index.php?rest_route=\/wp\/v2\/types\/page"}],"author":[{"embeddable":true,"href":"https:\/\/www.frohsinn-ost.de\/index.php?rest_route=\/wp\/v2\/users\/5"}],"replies":[{"embeddable":true,"href":"https:\/\/www.frohsinn-ost.de\/index.php?rest_route=%2Fwp%2Fv2%2Fcomments&post=31"}],"version-history":[{"count":6,"href":"https:\/\/www.frohsinn-ost.de\/index.php?rest_route=\/wp\/v2\/pages\/31\/revisions"}],"predecessor-version":[{"id":292419,"href":"https:\/\/www.frohsinn-ost.de\/index.php?rest_route=\/wp\/v2\/pages\/31\/revisions\/292419"}],"up":[{"embeddable":true,"href":"https:\/\/www.frohsinn-ost.de\/index.php?rest_route=\/wp\/v2\/pages\/10"}],"wp:attachment":[{"href":"https:\/\/www.frohsinn-ost.de\/index.php?rest_route=%2Fwp%2Fv2%2Fmedia&parent=31"}],"curies":[{"name":"wp","href":"https:\/\/api.w.org\/{rel}","templated":true}]}}